{"id":189,"date":"2025-01-27T16:12:52","date_gmt":"2025-01-27T15:12:52","guid":{"rendered":"https:\/\/admin.solawiaachen.de\/?page_id=189"},"modified":"2026-04-21T19:13:54","modified_gmt":"2026-04-21T18:13:54","slug":"faqs","status":"publish","type":"page","link":"https:\/\/admin.solawiaachen.de\/?page_id=189","title":{"rendered":"H\u00e4ufig gestellte Fragen"},"content":{"rendered":"\n<div style=\"height:25px\" aria-hidden=\"true\" class=\"wp-block-spacer\"><\/div>\n\n\n\n<p>Wird stetig erweitert &#8230;<\/p>\n\n\n\n<div class=\"wp-block-buttons is-layout-flex wp-block-buttons-is-layout-flex\">\n<div class=\"wp-block-button\"><a class=\"wp-block-button__link has-accent-1-background-color has-background wp-element-button\" href=\"#ernteanteil\">&gt; Ernteanteil<\/a><\/div>\n\n\n\n<div class=\"wp-block-button\"><a class=\"wp-block-button__link has-accent-1-background-color has-background wp-element-button\" href=\"#abholung\">&gt; Abholung<\/a><\/div>\n\n\n\n<div class=\"wp-block-button\"><a class=\"wp-block-button__link has-accent-1-background-color has-background wp-element-button\" href=\"#vertrag\">&gt; Vertrag<\/a><\/div>\n<\/div>\n\n\n\n<div class=\"wp-block-group alignfull has-global-padding is-layout-constrained wp-block-group-is-layout-constrained\" style=\"margin-top:0;margin-bottom:0\">\n<div class=\"wp-block-group alignwide has-global-padding is-layout-constrained wp-container-core-group-is-layout-0633c792 wp-block-group-is-layout-constrained\" style=\"padding-top:var(--wp--preset--spacing--50);padding-bottom:var(--wp--preset--spacing--50)\">\n<h2 class=\"wp-block-heading has-x-large-font-size\" id=\"ernteanteil\">Rund um den Ernteanteil<\/h2>\n\n\n\n<div class=\"wp-block-columns is-layout-flex wp-container-core-columns-is-layout-cbe57604 wp-block-columns-is-layout-flex\">\n<div class=\"wp-block-column is-layout-flow wp-block-column-is-layout-flow\">\n<div class=\"wp-block-group is-layout-flow wp-block-group-is-layout-flow\" style=\"border-top-color:var(--wp--preset--color--accent-6);border-top-width:1px;padding-top:var(--wp--preset--spacing--30);padding-bottom:var(--wp--preset--spacing--30)\">\n<h3 class=\"wp-block-heading\">Was f\u00fcr Ernteanteile gibt es, was beinhalten sie und wie gro\u00df sind diese?<\/h3>\n\n\n\n<p>Es gibt kleine und gro\u00dfe Ernteanteile. Sie beinhalten w\u00f6chentlich saisonales und regionales Gem\u00fcse, Obst, Brot (oder Getreide).<\/p>\n\n\n\n<p>Auch wenn derzeit der Beitrag f\u00fcr einen gro\u00dfen Ernteanteil das Doppelte vom Beitrag f\u00fcr den kleinen Anteil ist, so bedeutet dies nicht, dass dieses Verh\u00e4ltnis auch bei den jeweiligen Mengen so ist. Tendenziell gibt es \u00fcbers Jahr gesehen beim gro\u00dfen Ernteanteil etwas mehr Auswahl, wobei jedoch jeder Anteil jedes Gem\u00fcse mindestens einmal bekommt.<\/p>\n<\/div>\n<\/div>\n\n\n\n<div class=\"wp-block-column is-layout-flow wp-block-column-is-layout-flow\">\n<div class=\"wp-block-group is-layout-flow wp-block-group-is-layout-flow\" style=\"border-top-color:var(--wp--preset--color--accent-6);border-top-width:1px;padding-top:var(--wp--preset--spacing--30);padding-bottom:var(--wp--preset--spacing--30)\">\n<h3 class=\"wp-block-heading\">Welche Anteilsgr\u00f6\u00dfe ist f\u00fcr mich passend?<\/h3>\n\n\n\n<p>Diese Frage l\u00e4sst sich nicht so leicht beantworten, weil sie von Aspekten wie dem sonstigen Einkaufsverhalten, dem Hunger, den Personen, die versorgt werden m\u00fcssen, der Zeit und der eigenen Kochlust abh\u00e4ngt. Wer sein Gem\u00fcse nur von der Solawi bezieht, f\u00fcr den kann \u00fcbers Jahr gesehen folgender Richtwert gelten: Eine Person \u2013 ein gro\u00dfer Ernteanteil \u2013 in einer Woche.<\/p>\n<\/div>\n<\/div>\n<\/div>\n\n\n\n<div class=\"wp-block-columns is-layout-flex wp-container-core-columns-is-layout-cbe57604 wp-block-columns-is-layout-flex\">\n<div class=\"wp-block-column is-layout-flow wp-block-column-is-layout-flow\">\n<div class=\"wp-block-group is-layout-flow wp-block-group-is-layout-flow\" style=\"border-top-color:var(--wp--preset--color--accent-6);border-top-width:1px;padding-top:var(--wp--preset--spacing--30);padding-bottom:var(--wp--preset--spacing--30)\">\n<h3 class=\"wp-block-heading\">Was ist der Unterschied zu einer Gem\u00fcsekiste?<\/h3>\n\n\n\n<p>F\u00fcr eine Gem\u00fcsekiste zahlt man einen Betrag und bekommt daf\u00fcr eine dem Preis entsprechende Menge Ware geliefert. Ein Ernteanteil ist dagegen nicht mengenm\u00e4\u00dfig definiert, sondern ein Recht auf einen Anteil an der Ernte des Hofes. Die Menge ist je nach Jahreszeit, Saison, Erntemenge und Wetterverlauf unterschiedlich und kein direkter Gegenwert zum festgelegten Monatsbeitrag. Die Lebensmittel bekommen ihren nat\u00fcrlichen Wert zur\u00fcck und verlieren ihren Preis.<\/p>\n<\/div>\n<\/div>\n\n\n\n<div class=\"wp-block-column is-layout-flow wp-block-column-is-layout-flow\">\n<div class=\"wp-block-group is-layout-flow wp-block-group-is-layout-flow\" style=\"border-top-color:var(--wp--preset--color--accent-6);border-top-width:1px;padding-top:var(--wp--preset--spacing--30);padding-bottom:var(--wp--preset--spacing--30)\">\n<h3 class=\"wp-block-heading\">Ist das Gem\u00fcse Bio?<\/h3>\n\n\n\n<p>Der Westhof ist ein kleinb\u00e4uerlicher Betrieb, der \u00f6kologisch bewirtschaftet wird und nach Demeter-Richtlinien zertifiziert ist. Auch bei der ebenso biologisch zertifizierten Zukaufsware ist uns Regionalit\u00e4t wichtig \u2013 kurze Wege &#8211; und Saisonalit\u00e4t \u2013 keine Tomaten im Winter.<\/p>\n<\/div>\n<\/div>\n<\/div>\n\n\n\n<div class=\"wp-block-columns is-layout-flex wp-container-core-columns-is-layout-cbe57604 wp-block-columns-is-layout-flex\">\n<div class=\"wp-block-column is-layout-flow wp-block-column-is-layout-flow\">\n<div class=\"wp-block-group is-layout-flow wp-block-group-is-layout-flow\" style=\"border-top-color:var(--wp--preset--color--accent-6);border-top-width:1px;padding-top:var(--wp--preset--spacing--30);padding-bottom:var(--wp--preset--spacing--30)\">\n<h3 class=\"wp-block-heading\">Es gibt Schafe auf dem Hof, ist das Fleisch auch im Anteil?<\/h3>\n\n\n\n<p>Ja,kurz vor Weihnachten werden j\u00e4hrlich einige Schafe geschlachtet und das Fleisch in der Abholung verteilt.<\/p>\n<\/div>\n<\/div>\n\n\n\n<div class=\"wp-block-column is-layout-flow wp-block-column-is-layout-flow\">\n<div class=\"wp-block-group is-layout-flow wp-block-group-is-layout-flow\" style=\"border-top-color:var(--wp--preset--color--accent-6);border-top-width:1px;padding-top:var(--wp--preset--spacing--30);padding-bottom:var(--wp--preset--spacing--30)\">\n<h3 class=\"wp-block-heading\"><\/h3>\n\n\n\n<p><\/p>\n<\/div>\n<\/div>\n<\/div>\n<\/div>\n\n\n\n<div class=\"wp-block-group alignwide has-global-padding is-layout-constrained wp-container-core-group-is-layout-0633c792 wp-block-group-is-layout-constrained\" style=\"padding-top:var(--wp--preset--spacing--50);padding-bottom:var(--wp--preset--spacing--50)\">\n<h2 class=\"wp-block-heading has-x-large-font-size\" id=\"abholung\">Rund um die Abholung<\/h2>\n\n\n\n<div class=\"wp-block-columns is-layout-flex wp-container-core-columns-is-layout-cbe57604 wp-block-columns-is-layout-flex\">\n<div class=\"wp-block-column is-layout-flow wp-block-column-is-layout-flow\">\n<div class=\"wp-block-group is-layout-flow wp-block-group-is-layout-flow\" style=\"border-top-color:var(--wp--preset--color--accent-6);border-top-width:1px;padding-top:var(--wp--preset--spacing--30);padding-bottom:var(--wp--preset--spacing--30)\">\n<h3 class=\"wp-block-heading\">Kommunikation<\/h3>\n\n\n\n<p>W\u00f6chentlich gibt es eine Mail vom Hof. Hier werden wichtige Infos und Termine bekannt gegeben und es gibt eine unverbindliche Vorschau auf die Produkte der folgenden Ausgabe.<\/p>\n\n\n\n<p>Diese Wochenmail ist unser wichtigster Kommunikationskanal.<\/p>\n\n\n\n<p><\/p>\n<\/div>\n<\/div>\n\n\n\n<div class=\"wp-block-column is-layout-flow wp-block-column-is-layout-flow\">\n<div class=\"wp-block-group is-layout-flow wp-block-group-is-layout-flow\" style=\"border-top-color:var(--wp--preset--color--accent-6);border-top-width:1px;padding-top:var(--wp--preset--spacing--30);padding-bottom:var(--wp--preset--spacing--30)\">\n<p><\/p>\n<\/div>\n<\/div>\n<\/div>\n\n\n\n<div class=\"wp-block-columns is-layout-flex wp-container-core-columns-is-layout-cbe57604 wp-block-columns-is-layout-flex\">\n<div class=\"wp-block-column is-layout-flow wp-block-column-is-layout-flow\">\n<div class=\"wp-block-group is-layout-flow wp-block-group-is-layout-flow\" style=\"border-top-color:var(--wp--preset--color--accent-6);border-top-width:1px;padding-top:var(--wp--preset--spacing--30);padding-bottom:var(--wp--preset--spacing--30)\">\n<h3 class=\"wp-block-heading\">Was ist, wenn ich mal nicht abholen kann (Urlaub\u2026)?<\/h3>\n\n\n\n<p>Man kann FreundeInnen oder Bekannte schicken \u2013 Bitte daran denken, dass die Urlaubsvertretung \u00fcber die gebuchte Anteilsgr\u00f6\u00dfe informiert ist!<\/p>\n<\/div>\n<\/div>\n\n\n\n<div class=\"wp-block-column is-layout-flow wp-block-column-is-layout-flow\">\n<div class=\"wp-block-group is-layout-flow wp-block-group-is-layout-flow\" style=\"border-top-color:var(--wp--preset--color--accent-6);border-top-width:1px;padding-top:var(--wp--preset--spacing--30);padding-bottom:var(--wp--preset--spacing--30)\">\n<h3 class=\"wp-block-heading\">Gibt es andere Abholorte?<\/h3>\n\n\n\n<p>Leider gibt es keine anderen Abholorte bzw. Depots \u2013 manche Solawis bieten das an, teilweise auch selbstorganisiert.<\/p>\n\n\n\n<p>Was aber m\u00f6glich ist, dass Mitglieder Abholgemeinschaften oder Fahrgemeinschaften selber organisieren.<\/p>\n<\/div>\n<\/div>\n<\/div>\n\n\n\n<div class=\"wp-block-columns is-layout-flex wp-container-core-columns-is-layout-cbe57604 wp-block-columns-is-layout-flex\">\n<div class=\"wp-block-column is-layout-flow wp-block-column-is-layout-flow\">\n<div class=\"wp-block-group is-layout-flow wp-block-group-is-layout-flow\" style=\"border-top-color:var(--wp--preset--color--accent-6);border-top-width:1px;padding-top:var(--wp--preset--spacing--30);padding-bottom:var(--wp--preset--spacing--30)\">\n<h3 class=\"wp-block-heading\">Wann wei\u00df ich, welche Produkte es zur Abholung gibt?<\/h3>\n\n\n\n<p>In der Regel wird jeden Donnerstagvormittag eine Mail an alle Mitglieder verschickt, in der die Produkte genannt werden, die voraussichtlich bei der Abholung zur Verf\u00fcgung stehen.<\/p>\n\n\n\n<p>Da jedoch der Donnerstag der Haupterntetag ist, kann zum Zeitpunkt der Mail noch nicht gesagt werden, in welchen Mengen und f\u00fcr welche Anteile welches Gem\u00fcse ausgegeben wird.<\/p>\n<\/div>\n<\/div>\n\n\n\n<div class=\"wp-block-column is-layout-flow wp-block-column-is-layout-flow\">\n<div class=\"wp-block-group is-layout-flow wp-block-group-is-layout-flow\" style=\"border-top-color:var(--wp--preset--color--accent-6);border-top-width:1px;padding-top:var(--wp--preset--spacing--30);padding-bottom:var(--wp--preset--spacing--30)\">\n<h3 class=\"wp-block-heading\">Woher wei\u00df ich, wieviel ich nehmen darf?<\/h3>\n\n\n\n<p>In der Ausgabe gibt es an jedem Produkt Schilder. Hier ist genau angegeben, wieviel f\u00fcr den kleinen bzw. f\u00fcr den gro\u00dfen Anteil zur Verf\u00fcgung steht. Bitte achtet m\u00f6glichst genau auf die Mengen- bzw. Gewichtsangaben. Sowohl das \u201eSt\u00fcckgut\u201c als auch die Produkte, die gewogen werden m\u00fcssen, stehen immer in der Menge zur Verf\u00fcgung, dass es f\u00fcr alle Mitglieder reichen sollte. Um Reste zu vermeiden sind die Erntemengen relativ genau an die Anzahl der AbholerInnen angepasset, somit fehlt jede zuviel mitgenommene M\u00f6hre einem anderen Anteil.<\/p>\n<\/div>\n<\/div>\n<\/div>\n\n\n\n<div class=\"wp-block-columns is-layout-flex wp-container-core-columns-is-layout-cbe57604 wp-block-columns-is-layout-flex\">\n<div class=\"wp-block-column is-layout-flow wp-block-column-is-layout-flow\">\n<div class=\"wp-block-group is-layout-flow wp-block-group-is-layout-flow\" style=\"border-top-color:var(--wp--preset--color--accent-6);border-top-width:1px;padding-top:var(--wp--preset--spacing--30);padding-bottom:var(--wp--preset--spacing--30)\">\n<h3 class=\"wp-block-heading\">Was ist, wenn ich Produkte nicht mag?<\/h3>\n\n\n\n<p>Es kommt immer mal wieder vor, dass Mitglieder das eine oder andere Gem\u00fcse nicht m\u00f6gen oder auch nicht vertragen. An den Abholtagen gibt es daf\u00fcr einen sog. Freigabekorb. Dort kann jeder\/jede das hineinlegen, was er bzw. sie nicht gerne mag. Das Gem\u00fcse wird damit f\u00fcr andere Mitglieder freigegeben.<\/p>\n\n\n\n<p><\/p>\n<\/div>\n<\/div>\n\n\n\n<div class=\"wp-block-column is-layout-flow wp-block-column-is-layout-flow\">\n<div class=\"wp-block-group is-layout-flow wp-block-group-is-layout-flow\" style=\"border-top-color:var(--wp--preset--color--accent-6);border-top-width:1px;padding-top:var(--wp--preset--spacing--30);padding-bottom:var(--wp--preset--spacing--30)\">\n<h3 class=\"wp-block-heading\">K\u00f6nnen an den Abholtagen Produkte zus\u00e4tzlich gekauft werden?<\/h3>\n\n\n\n<p>Nein, einen Zukauf f\u00fcr Mitglieder oder Nicht-Mitglieder gibt es nicht. Die Ernte wird den Mitgliedern entsprechend ihren Ernteanteilen zur Verf\u00fcgung gestellt.<\/p>\n<\/div>\n<\/div>\n<\/div>\n<\/div>\n\n\n\n<div class=\"wp-block-group alignwide has-global-padding is-layout-constrained wp-container-core-group-is-layout-0633c792 wp-block-group-is-layout-constrained\" style=\"padding-top:var(--wp--preset--spacing--50);padding-bottom:var(--wp--preset--spacing--50)\">\n<h2 class=\"wp-block-heading has-x-large-font-size\" id=\"vertrag\">Rund ums Vertragliche<\/h2>\n\n\n\n<div class=\"wp-block-columns is-layout-flex wp-container-core-columns-is-layout-cbe57604 wp-block-columns-is-layout-flex\">\n<div class=\"wp-block-column is-layout-flow wp-block-column-is-layout-flow\">\n<div class=\"wp-block-group is-layout-flow wp-block-group-is-layout-flow\" style=\"border-top-color:var(--wp--preset--color--accent-6);border-top-width:1px;padding-top:var(--wp--preset--spacing--30);padding-bottom:var(--wp--preset--spacing--30)\">\n<h3 class=\"wp-block-heading\">Wie hoch ist der Beitrag f\u00fcr einen Ernteanteil?<\/h3>\n\n\n\n<p>Die H\u00f6he des Beitrages f\u00fcr einen Ernteanteil ermittelt sich aus einer Jahreskalkulation, die alle Kosten der Produktion, d.h. alle betrieblichen Kosten ber\u00fccksichtigt. Diese Kalkulation wird f\u00fcr jedes Wirtschaftsjahr erstellt und bei der SoLaWi-Jahresversammlung vorgstellt.<\/p>\n\n\n\n<p>Der Beitrag f\u00fcr einen kleinen Ernteanteil betr\u00e4gt ab dem 01.03.2026 66 EUR monatlich.<\/p>\n\n\n\n<p>Der Beitrag f\u00fcr einen gro\u00dfen Ernteanteil betr\u00e4gt ab dem 01.03.2026 132 EUR monatlich.<\/p>\n\n\n\n<p><\/p>\n\n\n\n<p><\/p>\n<\/div>\n<\/div>\n\n\n\n<div class=\"wp-block-column is-layout-flow wp-block-column-is-layout-flow\">\n<div class=\"wp-block-group is-layout-flow wp-block-group-is-layout-flow\" style=\"border-top-color:var(--wp--preset--color--accent-6);border-top-width:1px;padding-top:var(--wp--preset--spacing--30);padding-bottom:var(--wp--preset--spacing--30)\">\n<h3 class=\"wp-block-heading\">Was ist ein Wirtschaftsjahr und wann beginnt\/endet es?<\/h3>\n\n\n\n<p>Das Wirtschaftsjahr, sozusagen das Gesch\u00e4ftsjahr der Solidarischen Landwirtschaft Aachen, beginnt immer am 01.03. eines Jahres und endet am 28.\/29.02. des Folgejahres. Die Anmeldung f\u00fcr einen Ernteanteil gilt immer f\u00fcr ein Wirtschaftsjahr und verl\u00e4ngert sich automatisch, wenn der Vertrag nicht bis zum 30.11. des laufenden Wirtschaftsjahres schriftlich oder per Mail gek\u00fcndigt wird.<\/p>\n<\/div>\n<\/div>\n<\/div>\n\n\n\n<div class=\"wp-block-columns is-layout-flex wp-container-core-columns-is-layout-cbe57604 wp-block-columns-is-layout-flex\">\n<div class=\"wp-block-column is-layout-flow wp-block-column-is-layout-flow\">\n<div class=\"wp-block-group is-layout-flow wp-block-group-is-layout-flow\" style=\"border-top-color:var(--wp--preset--color--accent-6);border-top-width:1px;padding-top:var(--wp--preset--spacing--30);padding-bottom:var(--wp--preset--spacing--30)\">\n<h3 class=\"wp-block-heading\">Kann man vorab den Ernteanteil abgeben?<\/h3>\n\n\n\n<p>Normalerweise ist das nicht m\u00f6glich. Denn es widerspricht dem Grundgedanken einer Solidarischen Landwirtschaft. Denn der Landwirt bekommt auf diese Weise Planungssicherheit: Er hat f\u00fcr das Jahr einen festen Kundenstamm und ihm wird somit der Druck genommen, der heute in der Landwirtschaft Alltag ist.<\/p>\n\n\n\n<p>Aber nat\u00fcrlich wollen wir auch niemanden bei uns anketten. Auf jeden Fall muss eine AbnehmerIn f\u00fcr den Ernteanteil gefunden werden.<\/p>\n<\/div>\n<\/div>\n\n\n\n<div class=\"wp-block-column is-layout-flow wp-block-column-is-layout-flow\">\n<div class=\"wp-block-group is-layout-flow wp-block-group-is-layout-flow\" style=\"border-top-color:var(--wp--preset--color--accent-6);border-top-width:1px;padding-top:var(--wp--preset--spacing--30);padding-bottom:var(--wp--preset--spacing--30)\">\n<h3 class=\"wp-block-heading\">Gibt es eine Probemitgliedschaft?<\/h3>\n\n\n\n<p>Nein, eine Probemitgliedschaft ist nicht m\u00f6glich. Vom zus\u00e4tzlichen organisatorischen Aufwand abgesehen widerspricht eine Probemitgliedschaft ebenfalls der Planungssicherheit des Landwirtes.<\/p>\n\n\n\n<p><\/p>\n<\/div>\n<\/div>\n<\/div>\n\n\n\n<div class=\"wp-block-columns is-layout-flex wp-container-core-columns-is-layout-cbe57604 wp-block-columns-is-layout-flex\">\n<div class=\"wp-block-column is-layout-flow wp-block-column-is-layout-flow\">\n<div class=\"wp-block-group is-layout-flow wp-block-group-is-layout-flow\" style=\"border-top-color:var(--wp--preset--color--accent-6);border-top-width:1px;padding-top:var(--wp--preset--spacing--30);padding-bottom:var(--wp--preset--spacing--30)\">\n<h3 class=\"wp-block-heading\">Was ist, wenn es mal keine Ernte gibt?<\/h3>\n\n\n\n<p>Grunds\u00e4tzlich ist die Ernte so kalkuliert, dass es das ganze Jahr \u00fcber etwas gibt. F\u00fcr den Winter und das Fr\u00fchjahr wird Gem\u00fcse eingelagert, damit auch in den mauen Monaten etwas zur Ausgabe kommt.<\/p>\n\n\n\n<p>Die Mitglieder tragen gemeinsam das Ernterisiko. Wird weniger geerntet, kann auch nur weniger zur Ausgabe kommen. Auf der anderen Seite profitieren sie aber auch von guten Ernten.<\/p>\n\n\n\n<p>Der Beitrag bleibt deshalb in jedem Monat unver\u00e4ndert. Auch in den reichen Sommer- und Herbstmonaten, in denen die Kisten voll mit schmackhaften Sachen sind.<\/p>\n\n\n\n<p><\/p>\n<\/div>\n<\/div>\n\n\n\n<div class=\"wp-block-column is-layout-flow wp-block-column-is-layout-flow\">\n<div class=\"wp-block-group is-layout-flow wp-block-group-is-layout-flow\" style=\"border-top-color:var(--wp--preset--color--accent-6);border-top-width:1px;padding-top:var(--wp--preset--spacing--30);padding-bottom:var(--wp--preset--spacing--30)\">\n<h3 class=\"wp-block-heading\">Wie ist der Ernteanteil abgesichert?<\/h3>\n\n\n\n<p>Der Ernteanteil ist \u201enur\u201c \u00fcber das Wirtschaften des Landwirts abgesichert. Das Konzept basiert auf Vertrauen. Das ist die Idee hinter der Solidarischen Landwirtschaft. Nach bestem Wissen und Gewissen werden die Lebensmittel angebaut bzw. produziert. Die Mitglieder garantieren daf\u00fcr die Abnahme der Produkte. Gemeinsam wird so eine regionale, saisonale, vielf\u00e4ltige und kleinb\u00e4uerliche Landwirtschaft realisiert.<\/p>\n<\/div>\n<\/div>\n<\/div>\n\n\n\n<div class=\"wp-block-columns is-layout-flex wp-container-core-columns-is-layout-cbe57604 wp-block-columns-is-layout-flex\">\n<div class=\"wp-block-column is-layout-flow wp-block-column-is-layout-flow\">\n<div class=\"wp-block-group is-layout-flow wp-block-group-is-layout-flow\" style=\"border-top-color:var(--wp--preset--color--accent-6);border-top-width:1px;padding-top:var(--wp--preset--spacing--30);padding-bottom:var(--wp--preset--spacing--30)\">\n<h3 class=\"wp-block-heading\">Muss ich als Mitglied (regelm\u00e4\u00dfig) mitarbeiten?<\/h3>\n\n\n\n<p>In der SoLaWi am Westhof kann man, muss man aber nicht mitarbeiten. Wer m\u00f6chte, kann sich z.B. in der Aktivgruppe, bei Mitarbeitstagen, bei der Gestaltung von Festen, bei Hoff\u00fchrungen oder in der Mitgliederverwaltung einbringen und auf diese Weise zum Gelingen und zur Weiterentwicklung der SoLaWi beitragen.<\/p>\n\n\n\n<p><\/p>\n<\/div>\n<\/div>\n\n\n\n<div class=\"wp-block-column is-layout-flow wp-block-column-is-layout-flow\">\n<div class=\"wp-block-group is-layout-flow wp-block-group-is-layout-flow\" style=\"border-top-color:var(--wp--preset--color--accent-6);border-top-width:1px;padding-top:var(--wp--preset--spacing--30);padding-bottom:var(--wp--preset--spacing--30)\">\n<h3 class=\"wp-block-heading\"><\/h3>\n\n\n\n<p><\/p>\n<\/div>\n<\/div>\n<\/div>\n<\/div>\n\n\n\n<div class=\"wp-block-group alignwide has-global-padding is-layout-constrained wp-container-core-group-is-layout-0633c792 wp-block-group-is-layout-constrained\" style=\"padding-top:var(--wp--preset--spacing--50);padding-bottom:var(--wp--preset--spacing--50)\">\n<h2 class=\"wp-block-heading has-x-large-font-size\" id=\"solawi\">Rund um die SoLaWi<\/h2>\n\n\n\n<div class=\"wp-block-columns is-layout-flex wp-container-core-columns-is-layout-cbe57604 wp-block-columns-is-layout-flex\">\n<div class=\"wp-block-column is-layout-flow wp-block-column-is-layout-flow\">\n<div class=\"wp-block-group is-layout-flow wp-block-group-is-layout-flow\" style=\"border-top-color:var(--wp--preset--color--accent-6);border-top-width:1px;padding-top:var(--wp--preset--spacing--30);padding-bottom:var(--wp--preset--spacing--30)\">\n<h3 class=\"wp-block-heading\">Ist die SoLaWi am Westhof ein Verein?<\/h3>\n\n\n\n<p>Auch wenn wir von Mitgliedern sprechen, sind wir doch kein Verein. Der Landwirt handelt und (be-)wirtschaftet als Einzelunternehmer und schlie\u00dft mit jedem Mitglied Einzelvertr\u00e4ge \u00fcber den Erwerb von Ernteanteilen ab.<\/p>\n\n\n\n<p><\/p>\n\n\n\n<p><\/p>\n\n\n\n<p><\/p>\n\n\n\n<p><\/p>\n<\/div>\n<\/div>\n\n\n\n<div class=\"wp-block-column is-layout-flow wp-block-column-is-layout-flow\">\n<div class=\"wp-block-group is-layout-flow wp-block-group-is-layout-flow\" style=\"border-top-color:var(--wp--preset--color--accent-6);border-top-width:1px;padding-top:var(--wp--preset--spacing--30);padding-bottom:var(--wp--preset--spacing--30)\">\n<h3 class=\"wp-block-heading\">Kann man als Mitglied an Entscheidungen teilhaben?<\/h3>\n\n\n\n<p>Ja und Nein. Ja, weil es M\u00f6glichkeiten der Mitarbeit gibt und man sich dabei entsprechend einbringen kann, wie z.B. in der Aktivgruppe. Zum Nein geh\u00f6rt, dass der Landwirt die Gesamtverantwortung und somit auch \u201edas letzte Wort\u201c hat. Aber nat\u00fcrlich flie\u00dfen R\u00fcckmeldungen, Anregungen, Gedanken und Ideen in alle Entscheidungsprozesse ein.<\/p>\n<\/div>\n<\/div>\n<\/div>\n\n\n\n<div class=\"wp-block-columns is-layout-flex wp-container-core-columns-is-layout-cbe57604 wp-block-columns-is-layout-flex\">\n<div class=\"wp-block-column is-layout-flow wp-block-column-is-layout-flow\">\n<div class=\"wp-block-group is-layout-flow wp-block-group-is-layout-flow\" style=\"border-top-color:var(--wp--preset--color--accent-6);border-top-width:1px;padding-top:var(--wp--preset--spacing--30);padding-bottom:var(--wp--preset--spacing--30)\">\n<h3 class=\"wp-block-heading\">Was findet auf der SoLaWi-Jahresversammlung statt?<\/h3>\n\n\n\n<p>Die SoLaWi-Jahresversammlung findet einmal im Jahr zum Wechsel des Wirtschaftsjahres statt. Eingeladen werden alle Mitglieder und Interessenten der Warteliste. Inhaltlich geht es um R\u00fcckblick und Ausblick und aktuelle Entwicklungen. Au\u00dferdem wird in einer Kurzversion die Budgetplanung vorgestellt. Nicht zuletzt dient die Versammlung dem gemeinsamen Austausch, der Begegnung untereinander und der Gemeinschaft.<\/p>\n\n\n\n<p><\/p>\n<\/div>\n<\/div>\n\n\n\n<div class=\"wp-block-column is-layout-flow wp-block-column-is-layout-flow\">\n<div class=\"wp-block-group is-layout-flow wp-block-group-is-layout-flow\" style=\"border-top-color:var(--wp--preset--color--accent-6);border-top-width:1px;padding-top:var(--wp--preset--spacing--30);padding-bottom:var(--wp--preset--spacing--30)\">\n<h3 class=\"wp-block-heading\"><\/h3>\n\n\n\n<p><\/p>\n\n\n\n<p><\/p>\n<\/div>\n<\/div>\n<\/div>\n<\/div>\n<\/div>\n","protected":false},"excerpt":{"rendered":"<p>Wird stetig erweitert &#8230; Rund um den Ernteanteil Was f\u00fcr Ernteanteile gibt es, was beinhalten sie und wie gro\u00df sind diese? Es gibt kleine und gro\u00dfe Ernteanteile. Sie beinhalten w\u00f6chentlich saisonales und regionales Gem\u00fcse, Obst, Brot (oder Getreide). Auch wenn derzeit der Beitrag f\u00fcr einen gro\u00dfen Ernteanteil das Doppelte vom Beitrag f\u00fcr den kleinen Anteil [&hellip;]<\/p>\n","protected":false},"author":1,"featured_media":0,"parent":0,"menu_order":0,"comment_status":"closed","ping_status":"closed","template":"","meta":{"footnotes":""},"class_list":["post-189","page","type-page","status-publish","hentry"],"_links":{"self":[{"href":"https:\/\/admin.solawiaachen.de\/index.php?rest_route=\/wp\/v2\/pages\/189","targetHints":{"allow":["GET"]}}],"collection":[{"href":"https:\/\/admin.solawiaachen.de\/index.php?rest_route=\/wp\/v2\/pages"}],"about":[{"href":"https:\/\/admin.solawiaachen.de\/index.php?rest_route=\/wp\/v2\/types\/page"}],"author":[{"embeddable":true,"href":"https:\/\/admin.solawiaachen.de\/index.php?rest_route=\/wp\/v2\/users\/1"}],"replies":[{"embeddable":true,"href":"https:\/\/admin.solawiaachen.de\/index.php?rest_route=%2Fwp%2Fv2%2Fcomments&post=189"}],"version-history":[{"count":19,"href":"https:\/\/admin.solawiaachen.de\/index.php?rest_route=\/wp\/v2\/pages\/189\/revisions"}],"predecessor-version":[{"id":659,"href":"https:\/\/admin.solawiaachen.de\/index.php?rest_route=\/wp\/v2\/pages\/189\/revisions\/659"}],"wp:attachment":[{"href":"https:\/\/admin.solawiaachen.de\/index.php?rest_route=%2Fwp%2Fv2%2Fmedia&parent=189"}],"curies":[{"name":"wp","href":"https:\/\/api.w.org\/{rel}","templated":true}]}}